{"id":731,"date":"2014-03-27T14:15:00","date_gmt":"2014-03-27T14:15:00","guid":{"rendered":"http:\/\/institutulcopilului.ro\/?page_id=5"},"modified":"2016-10-25T09:34:41","modified_gmt":"2016-10-25T09:34:41","slug":"evenimente","status":"publish","type":"page","link":"https:\/\/idc.institutulcopilului.ro\/?page_id=731","title":{"rendered":"Evenimente"},"content":{"rendered":"<p><strong>FORMARE \u0218I INFORMARE <\/strong><\/p>\n<p>Organizarea de cursuri \u0219i programe de formare profesional\u0103 \u00een domeniile medical, psihologic, asisten\u021b\u0103 social\u0103 dar \u0219i de conferin\u021be, seminarii, grupuri de lucru, adresate \u00een egal\u0103 m\u0103sur\u0103 profesioni\u0219tilor, factorilor de decizie \u0219i p\u0103rin\u021bilor are rolul de a sensibiliza comunitatea profesional\u0103 dar \u0219i p\u0103rin\u021bii ori societatea \u00een \u00eentregul ei la problemele copiilor cu variate tulbur\u0103ri, deficien\u021be sau handicap.<br \/>\n<strong>FORMARE PROFESIONAL\u0102<\/strong><br \/>\n<strong><em>21-25 oct 2013 \u2013 \u201cExcelen\u021b\u0103 profesional\u0103 \u00een protec\u021bia copilului \u2013 Managementul de Caz\u201d,<\/em> <\/strong><\/p>\n<p style=\"padding-left: 30px;\"><strong>Program de formare profesionala continu\u0103<\/strong> pentru managerii de caz din cadrul DGASPC, organizat de Asocia\u021bia pentru Dezvoltarea Copilului prin Institutul pentru Dezvoltarea Copilului, \u00een parteneriat cu Ministerul Muncii, Familiei, Protec\u021biei Sociale \u0219i Persoanelor V\u00e2rstnice.<\/p>\n<p>&nbsp;<\/p>\n<p><em><strong>18 -22 noi2013 \u2013 \u201cExcelen\u021b\u0103 profesional\u0103 \u00een protec\u021bia copilului \u2013 Managementul de Caz\u201d<\/strong><\/em><\/p>\n<p style=\"padding-left: 30px;\"><strong>Program de formare profesionala continua<\/strong> pentru managerii de caz din cadrul DGASPC, organizat de Asocia\u021bia pentru Dezvoltarea Copilului prin Institutul pentru Dezvoltarea Copilului, \u00een parteneriat cu Ministerul Muncii, Familiei, Protec\u021biei Sociale \u0219i Persoanelor V\u00e2rstnice.<\/p>\n<p>&nbsp;<\/p>\n<p><em><strong>24-28 noi 2014 \u2013 \u201cExcelen\u021b\u0103 profesional\u0103 \u00een protec\u021bia copilului \u2013 Managementul de Caz\u201d,<\/strong><\/em><\/p>\n<p style=\"padding-left: 30px;\"><strong>Program de formare profesionala continua<\/strong> pentru managerii de caz din cadrul DGASPC, organizat de Asocia\u021bia pentru Dezvoltarea Copilului prin Institutul pentru Dezvoltarea Copilului, \u00een parteneriat cu Ministerul Muncii, Familiei, Protec\u021biei Sociale \u0219i Persoanelor V\u00e2rstnice.<\/p>\n<p><strong> <\/strong><\/p>\n<p><strong>CONGRESE \u0219i CONFERIN\u021aE<\/strong><\/p>\n<p>&nbsp;<\/p>\n<p><strong>31 octombrie \u2013 1 noiembrie 2011<\/strong><\/p>\n<p><strong>Congresul cu tema \u201c<em>Abordarea multidisciplinar\u0103 \u2013 condi\u021bie esen\u021bial\u0103 pentru dezvoltarea armonioas\u0103 a copilului<\/em>\u201d <\/strong><\/p>\n<p style=\"padding-left: 30px;\">Congresul s-a adresat tuturor profesioni\u0219tilor implicati \u00een dezvoltarea copilului \u0219i a reunit reprezentan\u021bi ai autorit\u0103\u021bilor locale \u0219i centrale cu responsabilit\u0103\u021bi \u00een domeniul protec\u021biei speciale a copilului, ai asocia\u021biilor profesionale dar \u0219i ai organiza\u021biilor neguvernamentale.<\/p>\n<p>1<strong>3 noiembrie 2013 <\/strong><\/p>\n<p><strong> Conferin\u021ba cu tema \u201c<em>Efectele institu\u021bionaliz\u0103rii asupra dezvolt\u0103rii copilului<\/em>. <em>Observa\u021bie, diagnostic, prevenire a consecin\u021belor de lung\u0103 durat\u0103<\/em>\u201d<\/strong><\/p>\n<p style=\"padding-left: 30px;\">Conferin\u021ba a fost organizat\u0103 la Palatul Parlamentului de Institutul pentru Dezvoltarea Copilului \u00een parteneriat cu Ministerul Muncii, Familiei, Protec\u021biei Sociale \u0219i Persoanelor V\u00e2rstnice, cu sprijinul Funda\u021biei SERA Rom\u00e2nia \u0219i a Federa\u021biei Organiza\u021biilor Neguvernamentale pentru Copil (FONPC).<\/p>\n<p style=\"padding-left: 30px;\">\u00cen cadrul conferin\u021bei au sus\u021binut prezent\u0103ri:<\/p>\n<p style=\"padding-left: 60px;\">Charles A. Nelson, III, Ph.D., Universitatea Harvard\/Children Hospital Boston<\/p>\n<p style=\"padding-left: 60px;\">Charles H. Zeanah, JR, MD, Universitatea Tulane, Facultatea de medicin\u0103<\/p>\n<p style=\"padding-left: 60px;\">Nathan A. Fox, Ph. D., Universitatea Mar<\/p>\n<p style=\"padding-left: 60px;\">yland<\/p>\n<p><strong>18-19 noiembrie 2014 <\/strong><\/p>\n<p><strong>Conferin\u021ba cu tema \u201c<em>Rolul echipei multidisciplinare in interventia precoce asupra copilului aflat in situatie de risc<\/em>\u201d<\/strong><\/p>\n<p style=\"padding-left: 30px;\">Conferin\u021ba a fost organizat\u0103 de Institutul pentru Dezvoltarea Copilului, \u00een parteneriat cu Autoritatea Na\u021bional\u0103 pentru Protec\u021bia Drepturilor Copilului \u0219i Adop\u021bie, Colegiul Na\u021bional al Asisten\u021bilor Sociali, Colegiul Psihologilor din Rom\u00e2nia, Colegiul Medicilor din Rom\u00e2nia.<\/p>\n<p style=\"padding-left: 30px;\">Conferin\u021ba a prezentat, pe de o parte, importan\u021ba interven\u021biei precoce asupra copilului aflat \u00een diverse situa\u021bii de risc, iar pe de alt\u0103 parte, necesitatea constitutirii echipei multidisciplinare care s\u0103 efectueze aceast\u0103 interven\u021bie. Interven\u021bia precoce este fundamental\u0103 \u00een stoparea situa\u021biei de risc \u00een care este pus copilul, dar \u0219i \u00een prevenirea apari\u021biei \u0219i dezvolt\u0103rii de fenomene psiho-afective \u0219i cognitive negative care vor influen\u021ba via\u021ba copilului pentru perioade lungi de timp, prelungindu-se uneori p\u00e2n\u0103 la via\u021ba de adult. Echipa multidisciplinar\u0103 adaptat\u0103 nevoilor copilului trebuie s\u0103 aib\u0103 o interven\u021bie modulat\u0103 astfel \u00eenc\u00e2t s\u0103 poat\u0103 recunoa\u0219te, preveni \u0219i trata toate fenomenele patologice sau traumele care \u00ee\u0219i au originea \u00een situa\u021bia de risc \u0219i s\u0103 poat\u0103 diminua efectele complexe pe termen lung.<\/p>\n<p style=\"padding-left: 30px;\">\u00cen cadrul conferin\u021bei au sus\u021binut prezent\u0103ri:<\/p>\n<p style=\"padding-left: 60px;\">Charles A. Nelson, III, Ph.D., Universitatea Harvard\/Children Hospital Boston<\/p>\n<p style=\"padding-left: 60px;\">Charles H. Zeanah, JR, MD, Universitatea Tulane, Facultatea de medicin\u0103<\/p>\n<p style=\"padding-left: 60px;\">Nathan A. Fox, Ph. D., Universitatea Maryland<\/p>\n<p style=\"padding-left: 60px;\">Dr. Geraldine Viot, genetician clinician, Maternitatea Port-Royale, Paris<\/p>\n<p style=\"padding-left: 60px;\">Ciprian Fartusnic, Director General, Institutul de \u0218tiin\u021be ale Educa\u021biei, Bucure\u0219ti<\/p>\n<p style=\"padding-left: 60px;\">Evelyne Soyez-Pappiernik, profesor osteopat<\/p>\n<p><strong> <\/strong><strong> <\/strong><\/p>\n<p><strong>SEMINARII si GRUPURI DE LUCRU<\/strong><\/p>\n<p><strong>3-4 noiembrie 2014<\/strong><br \/>\n<strong>Seminarul \u201c<em>Tulbur\u0103ri din spectrul autist: diagnostic, screening \u0219i tratament<\/em>\u201d<\/strong><\/p>\n<p style=\"padding-left: 30px;\">Organizat de Institutul pentru Dezvoltarea Copilului \u00een parteneriat cu Spitalul de Psihiatrie Titan \u201c Dr. Constantin Gorgos\u201d. Temele abordate au fost centrate pe criteriile de diagnosticare \u0219i evaluare ale autismului, pe m\u0103surile de depistare precoce ale acestuia, precum \u0219i pe posibilele atitudini terapeutice.<\/p>\n<p style=\"padding-left: 30px;\">Lectori au fost April Levin \u2013 medic \u00een specialitatea neurologie, Centrul TSA, Departamentul de Neurologie, Spitalul Universitar de Pediatrie Boston, SUA, Elizabeth Joy Shaffer \u2013 terapeut ocupa\u021bional, Shanna Alvarez \u2013 psiholog, cercet\u0103tor, Universitatea Washington, SUA.<\/p>\n<p><strong>10-11 noiembrie 2014<\/strong><\/p>\n<p><strong>Workshopul pentru profesioni\u0219ti \u201c<em>Deficitul de aten\u021bie (ADHD) \u0219i comportamentul disruptiv (DBD)<\/em>\u201d<\/strong><\/p>\n<p style=\"padding-left: 30px;\">Organizat de Institutul pentru Dezvoltarea Copilului, cu participarea dnei Mary Margaret Gleason, M.D., FAAP (membru al Academiei Americane de Pediatrie) \u2013 medic specializat \u00een psihiatria copilului \u0219i adolescentului \u0219i a dnei Kathryn L. Humphereys, Ph.D. \u2013 doctor \u00een psihologie, cercet\u0103tor, specializat \u00een psihologia copilului \u0219i adolescentului.<\/p>\n<p style=\"padding-left: 30px;\">Temele abordate au fost centrate pe criteriile de diagnosticare \u0219i evaluare ale ADHD-ului si DBD-ului, pe m\u0103surile de depistare precoce ale acestora, precum \u0219i pe posibilele atitudini terapeutice \u0219i pe introducerea unei abord\u0103ri integrate de tratament, implic\u00e2nd interven\u021bii medicale, psihosociale \u0219i comunitare.<\/p>\n<p style=\"padding-left: 30px;\"><strong> <\/strong><\/p>\n","protected":false},"excerpt":{"rendered":"<p>FORMARE \u0218I INFORMARE Organizarea de cursuri \u0219i programe de formare profesional\u0103 \u00een domeniile medical, psihologic, asisten\u021b\u0103 social\u0103 dar \u0219i de conferin\u021be, seminarii, grupuri de lucru, adresate \u00een egal\u0103 m\u0103sur\u0103 profesioni\u0219tilor, factorilor de decizie \u0219i p\u0103rin\u021bilor are rolul de a sensibiliza comunitatea profesional\u0103 dar \u0219i p\u0103rin\u021bii ori societatea \u00een \u00eentregul ei la problemele copiilor cu variate<a href=\"https:\/\/idc.institutulcopilului.ro\/?page_id=731\">[&#8230;]<\/a><\/p>\n","protected":false},"author":1,"featured_media":0,"parent":0,"menu_order":0,"comment_status":"closed","ping_status":"closed","template":"template-fullwidth.php","meta":[],"_links":{"self":[{"href":"https:\/\/idc.institutulcopilului.ro\/index.php?rest_route=\/wp\/v2\/pages\/731"}],"collection":[{"href":"https:\/\/idc.institutulcopilului.ro\/index.php?rest_route=\/wp\/v2\/pages"}],"about":[{"href":"https:\/\/idc.institutulcopilului.ro\/index.php?rest_route=\/wp\/v2\/types\/page"}],"author":[{"embeddable":true,"href":"https:\/\/idc.institutulcopilului.ro\/index.php?rest_route=\/wp\/v2\/users\/1"}],"replies":[{"embeddable":true,"href":"https:\/\/idc.institutulcopilului.ro\/index.php?rest_route=%2Fwp%2Fv2%2Fcomments&post=731"}],"version-history":[{"count":1,"href":"https:\/\/idc.institutulcopilului.ro\/index.php?rest_route=\/wp\/v2\/pages\/731\/revisions"}],"predecessor-version":[{"id":795,"href":"https:\/\/idc.institutulcopilului.ro\/index.php?rest_route=\/wp\/v2\/pages\/731\/revisions\/795"}],"wp:attachment":[{"href":"https:\/\/idc.institutulcopilului.ro\/index.php?rest_route=%2Fwp%2Fv2%2Fmedia&parent=731"}],"curies":[{"name":"wp","href":"https:\/\/api.w.org\/{rel}","templated":true}]}}